{"id":5615,"date":"2020-01-19T16:50:00","date_gmt":"2020-01-19T16:50:00","guid":{"rendered":"http:\/\/gubineczakos.hu\/?featured_content=theres-music-in-the-air-whistle-while-you-work"},"modified":"2021-02-11T18:39:54","modified_gmt":"2021-02-11T18:39:54","slug":"theres-music-in-the-air-whistle-while-you-work","status":"publish","type":"featured-content","link":"https:\/\/gubineczakos.hu\/en\/featured-content\/theres-music-in-the-air-whistle-while-you-work\/","title":{"rendered":"Mus-e \u00f3r\u00e1k Kod\u00e1ly szellem\u00e9ben"},"content":{"rendered":"<div id=\"modal-ready\"><p><b>Az 1993-ben Yehudi Menuhin kezdem\u00e9nyez\u00e9s\u00e9re megalap\u00edtott MUS-E (Music Europe) mintaprogram c\u00e9lja, hogy <\/b><b>a m\u0171v\u00e9szet \u00e9s az iskola egym\u00e1st seg\u00edtve hasson a fiatalokra. A Magyarorsz\u00e1gon is egyre n\u00e9pszer\u0171bb nemzetk\u00f6zi szervezet alapja a Kod\u00e1ly-m\u00f3dszer, \u00edgy haz\u00e1nkban a foglalkoz\u00e1sokon rendk\u00edv\u00fcl fontos szerepet j\u00e1tszik n\u00e9pdalaink, n\u00e9pm\u0171v\u00e9szeti \u00e9rt\u00e9keink tov\u00e1bbad\u00e1sa.<\/b><\/p>\n<p><span style=\"font-weight: 400;\">A vil\u00e1gon sz\u00e1mos int\u00e9zm\u00e9ny \u00e9s alap\u00edtv\u00e1ny t\u00f6rekszik arra, hogy a j\u00f6v\u0151 gener\u00e1ci\u00f3j\u00e1nak \u00e9let\u00e9ben min\u00e9l el\u0151bb megjelenjenek a m\u0171v\u00e9szetek. Magyarorsz\u00e1g k\u00fcl\u00f6nleges helyzetben \u00e9rezheti mag\u00e1t ebb\u0151l a szempontb\u00f3l, hiszen a 20. sz\u00e1zad egyik legnagyobb magyar zeneszerz\u0151je, Kod\u00e1ly Zolt\u00e1n fel\u00e1ll\u00edtotta a zen\u00e9vel \u00e9s \u00e9nekl\u00e9ssel t\u00f6rt\u00e9n\u0151 nevel\u00e9s alappill\u00e9reit.&nbsp;<\/span><\/p>\n<p><span style=\"font-weight: 400;\">Kod\u00e1ly Zolt\u00e1n pedag\u00f3gi\u00e1ja nem csak haz\u00e1nkban, de a vil\u00e1g sz\u00e1mos orsz\u00e1g\u00e1ban elismertt\u00e9 v\u00e1lt. Ennek k\u00f6sz\u00f6nhet\u0151en t\u00f6bb ismert m\u0171v\u00e9sz \u00e9s tan\u00e1r is alkalmazta az \u0151 koncepci\u00f3j\u00e1t, m\u00f3dszer\u00e9t. Ilyen volt t\u00f6bbek k\u00f6z\u00f6tt Lord Yehudi Menuhin is, aki 1993-ban kidolgozta a Mus-e (Music-Europe) mintaprogramot, melynek alap gondolata: a m\u0171v\u00e9szet \u00e9s az iskola egym\u00e1st seg\u00edtve hasson a fiatalokra. A program f\u0151 c\u00e9ljai k\u00f6z\u00f6tt szerepel a fajgy\u0171l\u00f6let megel\u0151z\u00e9se, a kreativit\u00e1s \u00e9s pozitivizmus megteremt\u00e9se, dinamikus t\u00e1rsadalom megalkot\u00e1sa, valamint megel\u0151zni a fenyeget\u0151 kock\u00e1zatokat a gyermekekn\u00e9l. Kiemelt c\u00e9l, hogy mindh\u00e1rom \u201eszerepl\u0151\u201d (gyermek, m\u0171v\u00e9sz \u00e9s tan\u00e1r) adjon \u00e9s kapjon is: a gyermek egyfajta tesztalanyk\u00e9nt elv\u00e9gzi a feladatokat, k\u00f6zben \u00e9lvezi \u00e9s elsaj\u00e1t\u00edtja a m\u0171v\u00e9szetet; a m\u0171v\u00e9sz m\u0171v\u00e9szettel nevel, m\u00e1s-m\u00e1s m\u00f3dszerekkel pr\u00f3b\u00e1l k\u00f6zelebb jutni a megold\u00e1shoz, mik\u00f6zben saj\u00e1t pedag\u00f3giai k\u00e9szs\u00e9geit is fejleszti; a tan\u00e1r, aki napi kapcsolatban \u00e1ll a fiatalokkal, igyekszik akt\u00edvan r\u00e9szt venni a feladatokban, hogy a k\u00e9s\u0151bbiekben a m\u0171v\u00e9sz \u00e1ltal bemutatott feladatokat \u0151 is alkalmazza a gyerekekn\u00e9l.&nbsp;<\/span><\/p>\n<p><span style=\"font-weight: 400;\">A programban els\u0151sorban h\u00e1tr\u00e1nyos helyzet\u0171 \u00e1ltal\u00e1nos iskol\u00e1k vesznek r\u00e9szt. Heti egy alkalommal l\u00e1togatja a m\u0171v\u00e9sz az oszt\u00e1ly\u00e1t, amikor egy 45 perces \u00f3ra keret\u00e9ben vezeti le a foglalkoz\u00e1st. Haz\u00e1nkban a Mus-e projekt 1994-ben indult el, a budapesti Erkel Ferenc \u00c1ltal\u00e1nos Iskol\u00e1ban, egy h\u00e1tr\u00e1nyos helyzet\u0171 gyermekeket mag\u00e1ba foglal\u00f3 oszt\u00e1lyban. Jelenleg 12 iskol\u00e1ban vehetnek r\u00e9szt a fiatalok interakt\u00edv foglalkoz\u00e1sokon.&nbsp;<\/span><\/p>\n<p><span style=\"font-weight: 400;\">Az elm\u00falt \u00e9vekben egyre gyakrabban l\u00e1that\u00f3, hogy haz\u00e1nkban a n\u00e9pzen\u00e9vel foglalkoz\u00f3 m\u0171v\u00e9szeket is igyekeznek bevonni a programba, utalva ezzel Kod\u00e1ly egyik f\u0151 gondolat\u00e1ra, az anyanyelven t\u00f6rt\u00e9n\u0151 \u00e9nekl\u00e9s fontoss\u00e1g\u00e1ra. Volt \u00e9s jelenlegi zeneakad\u00e9mista n\u00e9pzen\u00e9sz tan\u00e1raink, hallgat\u00f3ink is akt\u00edvan r\u00e9szt vesznek az egyes\u00fclet munk\u00e1j\u00e1ban. F\u0151 c\u00e9ljuk, hogy a sokr\u00e9t\u0171, v\u00e1ltozatos magyar n\u00e9pzen\u00e9t, n\u00e9pdalokat min\u00e9l t\u00f6bb oldalr\u00f3l megmutass\u00e1k a k\u00f6vetkez\u0151 gener\u00e1ci\u00f3nak, belefoglalva a gyermekj\u00e1t\u00e9kdalok, szok\u00e1sdallamok, a n\u00e9pdalokb\u00f3l sz\u00e1rmaz\u00f3 improvizat\u00edv gyakorlatok, a k\u00fcl\u00f6nb\u00f6z\u0151 n\u00e9pi hangszerek bemutat\u00e1s\u00e1t, illetve a n\u00e9pt\u00e1nc alapl\u00e9p\u00e9seinek elsaj\u00e1t\u00edt\u00e1s\u00e1t.<\/span><\/p>\n<p><span style=\"font-size: inherit;\">.<\/span><\/p>\n<\/div>","protected":false},"excerpt":{"rendered":"<p>Az 1993-ben Yehudi Menuhin kezdem\u00e9nyez\u00e9s\u00e9re megalap\u00edtott MUS-E (Music Europe) mintaprogram c\u00e9lja, hogy a m\u0171v\u00e9szet \u00e9s az iskola egym\u00e1st seg\u00edtve hasson a fiatalokra. &hellip; <a href=\"https:\/\/gubineczakos.hu\/en\/featured-content\/theres-music-in-the-air-whistle-while-you-work\/\" class=\"more-link\"><span class=\"readmore\"><span class=\"screen-reader-text\">Mus-e \u00f3r\u00e1k Kod\u00e1ly szellem\u00e9ben<\/span><\/span><\/a><\/p>","protected":false},"author":2,"featured_media":6079,"comment_status":"open","ping_status":"closed","template":"","featured-content-type":[29],"featured-content-tag":[41,40],"class_list":["post-5615","featured-content","type-featured-content","status-publish","has-post-thumbnail","hentry","featured-content-type-music","featured-content-tag-kodaly","featured-content-tag-muse"],"uagb_featured_image_src":{"full":["https:\/\/gubineczakos.hu\/wp-content\/uploads\/2018\/07\/IMG_3832-scaled.jpg",2560,1244,false],"thumbnail":["https:\/\/gubineczakos.hu\/wp-content\/uploads\/2018\/07\/IMG_3832-150x150.jpg",150,150,true],"medium":["https:\/\/gubineczakos.hu\/wp-content\/uploads\/2018\/07\/IMG_3832-300x146.jpg",300,146,true],"medium_large":["https:\/\/gubineczakos.hu\/wp-content\/uploads\/2018\/07\/IMG_3832-768x373.jpg",768,373,true],"large":["https:\/\/gubineczakos.hu\/wp-content\/uploads\/2018\/07\/IMG_3832-1024x498.jpg",920,447,true],"1536x1536":["https:\/\/gubineczakos.hu\/wp-content\/uploads\/2018\/07\/IMG_3832-1536x747.jpg",1536,747,true],"2048x2048":["https:\/\/gubineczakos.hu\/wp-content\/uploads\/2018\/07\/IMG_3832-2048x996.jpg",2048,996,true],"trp-custom-language-flag":["https:\/\/gubineczakos.hu\/wp-content\/uploads\/2018\/07\/IMG_3832-scaled.jpg",18,9,false],"ect-jetpack-portfolio-featured":["https:\/\/gubineczakos.hu\/wp-content\/uploads\/2018\/07\/IMG_3832-640x640.jpg",640,640,true],"ect-featured-content":["https:\/\/gubineczakos.hu\/wp-content\/uploads\/2018\/07\/IMG_3832-640x640.jpg",640,640,true],"ect-service":["https:\/\/gubineczakos.hu\/wp-content\/uploads\/2018\/07\/IMG_3832-640x640.jpg",640,640,true],"ultp_layout_landscape_large":["https:\/\/gubineczakos.hu\/wp-content\/uploads\/2018\/07\/IMG_3832-scaled.jpg",1200,583,false],"ultp_layout_landscape":["https:\/\/gubineczakos.hu\/wp-content\/uploads\/2018\/07\/IMG_3832-scaled.jpg",870,423,false],"ultp_layout_portrait":["https:\/\/gubineczakos.hu\/wp-content\/uploads\/2018\/07\/IMG_3832-scaled.jpg",600,292,false],"ultp_layout_square":["https:\/\/gubineczakos.hu\/wp-content\/uploads\/2018\/07\/IMG_3832-scaled.jpg",600,292,false],"post-thumbnail":["https:\/\/gubineczakos.hu\/wp-content\/uploads\/2018\/07\/IMG_3832-640x640.jpg",640,640,true],"euphony-archive":["https:\/\/gubineczakos.hu\/wp-content\/uploads\/2018\/07\/IMG_3832-920x1960.jpg",920,1960,true],"euphony-archive-landscape":["https:\/\/gubineczakos.hu\/wp-content\/uploads\/2018\/07\/IMG_3832-580x435.jpg",580,435,true],"euphony-archive-portrait":["https:\/\/gubineczakos.hu\/wp-content\/uploads\/2018\/07\/IMG_3832-580x773.jpg",580,773,true],"euphony-slider":["https:\/\/gubineczakos.hu\/wp-content\/uploads\/2018\/07\/IMG_3832-1920x1080.jpg",1920,1080,true],"euphony-testimonial":["https:\/\/gubineczakos.hu\/wp-content\/uploads\/2018\/07\/IMG_3832-720x720.jpg",720,720,true],"euphony-stats":["https:\/\/gubineczakos.hu\/wp-content\/uploads\/2018\/07\/IMG_3832-70x70.jpg",70,70,true],"euphony-team":["https:\/\/gubineczakos.hu\/wp-content\/uploads\/2018\/07\/IMG_3832-640x853.jpg",640,853,true],"euphony-service":["https:\/\/gubineczakos.hu\/wp-content\/uploads\/2018\/07\/IMG_3832-80x80.jpg",80,80,true],"euphony-logo-slider":["https:\/\/gubineczakos.hu\/wp-content\/uploads\/2018\/07\/IMG_3832-175x133.jpg",175,133,true],"bdpp-medium":["https:\/\/gubineczakos.hu\/wp-content\/uploads\/2018\/07\/IMG_3832-scaled.jpg",640,311,false],"jetpack-portfolio-admin-thumb":["https:\/\/gubineczakos.hu\/wp-content\/uploads\/2018\/07\/IMG_3832-50x50.jpg",50,50,true],"featured-content-admin-thumb":["https:\/\/gubineczakos.hu\/wp-content\/uploads\/2018\/07\/IMG_3832-50x50.jpg",50,50,true],"service-admin-thumb":["https:\/\/gubineczakos.hu\/wp-content\/uploads\/2018\/07\/IMG_3832-50x50.jpg",50,50,true],"woocommerce_thumbnail":["https:\/\/gubineczakos.hu\/wp-content\/uploads\/2018\/07\/IMG_3832-scaled-300x300.jpg",300,300,true],"woocommerce_single":["https:\/\/gubineczakos.hu\/wp-content\/uploads\/2018\/07\/IMG_3832-scaled-600x292.jpg",600,292,true],"woocommerce_gallery_thumbnail":["https:\/\/gubineczakos.hu\/wp-content\/uploads\/2018\/07\/IMG_3832-scaled-100x100.jpg",100,100,true],"awb_sm":["https:\/\/gubineczakos.hu\/wp-content\/uploads\/2018\/07\/IMG_3832-scaled.jpg",500,243,false],"awb_md":["https:\/\/gubineczakos.hu\/wp-content\/uploads\/2018\/07\/IMG_3832-scaled.jpg",800,389,false],"awb_lg":["https:\/\/gubineczakos.hu\/wp-content\/uploads\/2018\/07\/IMG_3832-scaled.jpg",1280,622,false],"awb_xl":["https:\/\/gubineczakos.hu\/wp-content\/uploads\/2018\/07\/IMG_3832-scaled.jpg",1920,933,false]},"uagb_author_info":{"display_name":"Matis \u00c1d\u00e1m","author_link":"https:\/\/gubineczakos.hu\/en\/author\/adamita\/"},"uagb_comment_info":0,"uagb_excerpt":"Az 1993-ben Yehudi Menuhin kezdem\u00e9nyez\u00e9s\u00e9re megalap\u00edtott MUS-E (Music Europe) mintaprogram c\u00e9lja, hogy a m\u0171v\u00e9szet \u00e9s az iskola egym\u00e1st seg\u00edtve hasson a fiatalokra. &hellip; Mus-e \u00f3r\u00e1k Kod\u00e1ly szellem\u00e9ben","jetpack-related-posts":[{"id":5649,"url":"https:\/\/gubineczakos.hu\/en\/featured-content\/blunt-harmony-for-toy-piano-with-audience-interventions\/","url_meta":{"origin":5615,"position":0},"title":"Etnikumok egy\u00fctt\u00e9l\u00e9se","author":"Matis \u00c1d\u00e1m","date":"2018. July 19.","format":false,"excerpt":"N\u00e9pzen\u00e9nk, n\u00e9pdalaink ter\u00fclett\u0151l f\u00fcgg\u0151en soksz\u00edn\u0171ek, r\u00e1ad\u00e1sul az \u00e9vsz\u00e1zadok sor\u00e1n folytonos v\u00e1ltoz\u00e1son mentek kereszt\u00fcl. Vajon minek k\u00f6sz\u00f6nhet\u0151 ez a gazdag zenei kult\u00fara?","rel":"","context":"Similar post","block_context":{"text":"Similar post","link":""},"img":{"alt_text":"","src":"https:\/\/gubineczakos.hu\/wp-content\/uploads\/2018\/07\/C29862D3-7ABE-416B-9BD0-0FDF1314CB3A.jpeg","width":350,"height":200,"srcset":"https:\/\/gubineczakos.hu\/wp-content\/uploads\/2018\/07\/C29862D3-7ABE-416B-9BD0-0FDF1314CB3A.jpeg 1x, https:\/\/gubineczakos.hu\/wp-content\/uploads\/2018\/07\/C29862D3-7ABE-416B-9BD0-0FDF1314CB3A.jpeg 1.5x, https:\/\/gubineczakos.hu\/wp-content\/uploads\/2018\/07\/C29862D3-7ABE-416B-9BD0-0FDF1314CB3A.jpeg 2x, https:\/\/gubineczakos.hu\/wp-content\/uploads\/2018\/07\/C29862D3-7ABE-416B-9BD0-0FDF1314CB3A.jpeg 3x"},"classes":[]},{"id":5613,"url":"https:\/\/gubineczakos.hu\/en\/featured-content\/elegy-for-endings-2-0-for-violin-with-distortion-pedal\/","url_meta":{"origin":5615,"position":1},"title":"Magyars\u00e1g a diaszp\u00f3r\u00e1kban","author":"Matis \u00c1d\u00e1m","date":"2019. December 19.","format":false,"excerpt":"A hat\u00e1rainkon k\u00edv\u00fcl \u00e9l\u0151 magyarok kult\u00far\u00e1juk \u00e9s anyanyelv\u00fck meg\u0151rz\u00e9s\u00e9vel diaszp\u00f3ra-csoportokat alkotnak. Az elm\u00falt \u00e9vekben t\u00f6bb diaszp\u00f3ra m\u0171k\u00f6d\u00e9s\u00e9t megtapasztalhattam, Eur\u00f3p\u00e1ban \u00e9s a tengeren t\u00fal egyar\u00e1nt. \u00dati besz\u00e1mol\u00f3k, tapasztalatok, \u00e9lm\u00e9nyek.\u00a0","rel":"","context":"Similar post","block_context":{"text":"Similar post","link":""},"img":{"alt_text":"","src":"https:\/\/gubineczakos.hu\/wp-content\/uploads\/2021\/02\/20200219_1522540-640x640-1.jpg","width":350,"height":200,"srcset":"https:\/\/gubineczakos.hu\/wp-content\/uploads\/2021\/02\/20200219_1522540-640x640-1.jpg 1x, https:\/\/gubineczakos.hu\/wp-content\/uploads\/2021\/02\/20200219_1522540-640x640-1.jpg 1.5x"},"classes":[]}],"jetpack_sharing_enabled":true,"_links":{"self":[{"href":"https:\/\/gubineczakos.hu\/en\/wp-json\/wp\/v2\/featured-content\/5615","targetHints":{"allow":["GET"]}}],"collection":[{"href":"https:\/\/gubineczakos.hu\/en\/wp-json\/wp\/v2\/featured-content"}],"about":[{"href":"https:\/\/gubineczakos.hu\/en\/wp-json\/wp\/v2\/types\/featured-content"}],"author":[{"embeddable":true,"href":"https:\/\/gubineczakos.hu\/en\/wp-json\/wp\/v2\/users\/2"}],"replies":[{"embeddable":true,"href":"https:\/\/gubineczakos.hu\/en\/wp-json\/wp\/v2\/comments?post=5615"}],"wp:featuredmedia":[{"embeddable":true,"href":"https:\/\/gubineczakos.hu\/en\/wp-json\/wp\/v2\/media\/6079"}],"wp:attachment":[{"href":"https:\/\/gubineczakos.hu\/en\/wp-json\/wp\/v2\/media?parent=5615"}],"wp:term":[{"taxonomy":"featured-content-type","embeddable":true,"href":"https:\/\/gubineczakos.hu\/en\/wp-json\/wp\/v2\/featured-content-type?post=5615"},{"taxonomy":"featured-content-tag","embeddable":true,"href":"https:\/\/gubineczakos.hu\/en\/wp-json\/wp\/v2\/featured-content-tag?post=5615"}],"curies":[{"name":"wp","href":"https:\/\/api.w.org\/{rel}","templated":true}]}}