{"id":5649,"date":"2018-07-19T16:46:37","date_gmt":"2018-07-19T16:46:37","guid":{"rendered":"http:\/\/gubineczakos.hu\/?featured_content=blunt-harmony-for-toy-piano-with-audience-interventions"},"modified":"2021-02-11T18:40:16","modified_gmt":"2021-02-11T18:40:16","slug":"blunt-harmony-for-toy-piano-with-audience-interventions","status":"publish","type":"featured-content","link":"https:\/\/gubineczakos.hu\/en\/featured-content\/blunt-harmony-for-toy-piano-with-audience-interventions\/","title":{"rendered":"Etnikumok egy\u00fctt\u00e9l\u00e9se"},"content":{"rendered":"<div id=\"modal-ready\"><p><strong>N\u00e9pzen\u00e9nk, n\u00e9pdalaink ter\u00fclett\u0151l f\u00fcgg\u0151en soksz\u00edn\u0171ek, r\u00e1ad\u00e1sul az \u00e9vsz\u00e1zadok sor\u00e1n folytonos v\u00e1ltoz\u00e1son mentek kereszt\u00fcl. Vajon minek k\u00f6sz\u00f6nhet\u0151 ez a gazdag zenei kult\u00fara? Mennyiben j\u00e1rult hozz\u00e1 a magyar n\u00e9pzene fejl\u0151d\u00e9s\u00e9hez a m\u00e1s n\u00e9pekkel val\u00f3 tal\u00e1lkoz\u00e1s \u00e9s hosszabb ideig tart\u00f3 egy\u00fctt\u00e9l\u00e9s?<\/strong><\/p>\n<p>M\u00e1r a 20. sz\u00e1zadi magyar n\u00e9pzenekutat\u00e1s k\u00e9t legnagyobb alakj\u00e1nak, Bart\u00f3k B\u00e9l\u00e1nak \u00e9s Kod\u00e1ly Zolt\u00e1nnak a fej\u00e9ben is megfogalmaz\u00f3dtak a fenti k\u00e9rd\u00e9sek. A magyars\u00e1g \u2212 ahogyan sz\u00e1mos m\u00e1s n\u00e9pcsoport \u2212 a honfoglal\u00e1s el\u0151tti id\u0151kt\u0151l kezdve k\u00f6z\u00f6sen \u00e9lt a finnugor \u00e9s t\u00f6r\u00f6k n\u00e9pekkel. Ennek az \u00e9vsz\u00e1zadokig tart\u00f3 szoros kapcsolatnak a hat\u00e1sa nyelv\u00fcnk \u0151sr\u00e9teg\u00e9ben (finnugor nyelvcsal\u00e1d) \u00e9s zen\u00e9nk alapvet\u0151 saj\u00e1toss\u00e1gaiban (t\u00f6r\u00f6k n\u00e9pek zen\u00e9j\u00e9vel val\u00f3 kapcsolat) egyar\u00e1nt megmutatkozik. Ut\u00f3bbira jellegzetes p\u00e9ld\u00e1k a sirat\u00f3 \u00e9s pszalmodiz\u00e1l\u00f3 dallamok, amelyek Bart\u00f3k 1907-es sz\u00e9kelyf\u00f6ldi, valamint 1936-os anat\u00f3liai (mai D\u00e9l-T\u00f6r\u00f6korsz\u00e1g) gy\u0171jt\u00e9s\u00e9ben is megtal\u00e1lhat\u00f3ak.<\/p>\n<p>Term\u00e9szetesen az etnikumok tal\u00e1lkoz\u00e1s\u00e1nak t\u00f6rt\u00e9nete nem \u00e9rt v\u00e9get a honfoglal\u00e1ssal, gondoljunk ak\u00e1r a szomsz\u00e9dos n\u00e9pekkel val\u00f3 \u00e9rintkez\u00e9sre, ak\u00e1r a magyar t\u00f6rt\u00e9nelem h\u00e1bor\u00fas id\u0151szakaira \u2212 a tat\u00e1rj\u00e1r\u00e1sra vagy a t\u00f6r\u00f6k uralomra. A t\u00f6r\u00f6k\u00f6k puszt\u00edt\u00e1sa ut\u00e1n megkezdett sz\u00fcks\u00e9gszer\u0171 betelep\u00edt\u00e9ssel p\u00e9ld\u00e1ul sv\u00e1bok, n\u00e9metek, szerbek \u00e9s szlov\u00e1kok ker\u00fcltek haz\u00e1nk eln\u00e9ptelenedettebb ter\u00fcleteire.<\/p>\n<p>A 20. sz\u00e1zadi gy\u0171jt\u0151utak sor\u00e1n a n\u00e9pzenekutat\u00f3k viszonylag hamar felfigyeltek az etnikumok egy\u00fctt\u00e9l\u00e9s\u00e9nek pozit\u00edv kultur\u00e1lis hat\u00e1s\u00e1ra. Nem v\u00e9letlen teh\u00e1t, hogy Bart\u00f3k B\u00e9la egyik f\u0151 c\u00e9lj\u00e1nak tekintette a szomsz\u00e9dos \u00e9s rokon n\u00e9pek zen\u00e9j\u00e9nek megismer\u00e9s\u00e9t \u00e9s gy\u0171jt\u00e9s\u00e9t.<\/p>\n<p>Kifejezetten jellemz\u0151 a teljes magyar nyelvter\u00fcletre a paraszti kult\u00fara \u00e9s a cig\u00e1ny etnikum k\u00f6lcs\u00f6nhat\u00e1sa. A falusi b\u00e1lokon ugyanis gyakran fordultak meg a parasztzen\u00e9szek mellett cig\u00e1nyzenekarok is, akik sok esetben m\u00e1s falub\u00f3l, s\u0151t, ak\u00e1r m\u00e1sik t\u00e1jegys\u00e9gr\u0151l sz\u00e1rmaztak. \u00cdgy a faluk\u00f6z\u00f6ss\u00e9g tagjai cig\u00e1nyok \u00e1ltal hozott, \u00faj dallamokat is hallottak, amelyek fokozatosan be\u00e9p\u00fcltek a saj\u00e1t k\u00f6z\u00f6ss\u00e9g\u00fck dallamanyag\u00e1ba. Az erd\u00e9lyi Fels\u0151-Maros ment\u00e9n p\u00e9ld\u00e1ul sz\u00e1mos olyan t\u00e1ncmegnevez\u00e9st haszn\u00e1ltak, amelyek a k\u00e9t n\u00e9pcsoport egym\u00e1s mellett \u00e9l\u00e9s\u00e9re vezethet\u0151k vissza. Ahogyan \u0151k nyilatkozt\u00e1k: \u201eaz\u00e9rt h\u00edvjuk \u00edgy, mert a cig\u00e1nyok j\u00e1tszott\u00e1k\u201d. A roma \u00e9s a magyar paraszti t\u00e1rsadalom a legt\u00f6bb telep\u00fcl\u00e9sen egym\u00e1st\u00f3l elk\u00fcl\u00f6n\u00fclve lakott, ugyanakkor kultur\u00e1lis \u00e9rt\u00e9keiket rendszeresen megosztott\u00e1k egym\u00e1ssal, \u00e9s k\u00f6lcs\u00f6n\u00f6sen haszn\u00e1lt\u00e1k is azokat. K\u00e9s\u0151bb, t\u00f6bbek k\u00f6z\u00f6tt a v\u00e1rosi cig\u00e1nyzene hat\u00e1s\u00e1ra, a leg\u00fajabb st\u00edlus\u00fa n\u00e9pdalok \u00e9s a n\u00e9pies m\u0171dalok egyre sz\u00e9lesebb k\u00f6rben terjedtek el, \u00edgy egy id\u0151 ut\u00e1n m\u00e1r a falusi b\u00e1lok reperto\u00e1rj\u00e1nak legnagyobb r\u00e9sz\u00e9t is ezek a dallamok tett\u00e9k ki.<\/p>\n<p>Az \u00e9vezredek, \u00e9vsz\u00e1zadok sor\u00e1n a magyar paraszti t\u00e1rsadalom sz\u00e1mos k\u00fcl\u00f6nb\u00f6z\u0151 etnikummal \u00e1llt kapcsolatban, hosszabb-r\u00f6videbb t\u00e1von. B\u00e1r ez nem mindig jelentett b\u00e9k\u00e9s viszonyt, a kultur\u00e1lis \u00e9s nyelvi \u00e9rt\u00e9kek v\u00e1ltoz\u00e1s\u00e1hoz, fejl\u0151d\u00e9s\u00e9hez mindenk\u00e9ppen hozz\u00e1j\u00e1rult az \u00e9rintkez\u00e9s. R\u00e9szben ennek k\u00f6sz\u00f6nhet\u0151en v\u00e1lt ilyen soksz\u00edn\u0171v\u00e9 n\u00e9pzen\u00e9nk \u00e9s m\u00e1s etnikumok zen\u00e9je is.<\/p>\n<p>.<\/p>\n<\/div>","protected":false},"excerpt":{"rendered":"<p>N\u00e9pzen\u00e9nk, n\u00e9pdalaink ter\u00fclett\u0151l f\u00fcgg\u0151en soksz\u00edn\u0171ek, r\u00e1ad\u00e1sul az \u00e9vsz\u00e1zadok sor\u00e1n folytonos v\u00e1ltoz\u00e1son mentek kereszt\u00fcl. Vajon minek k\u00f6sz\u00f6nhet\u0151 ez a gazdag zenei kult\u00fara? &hellip; <a href=\"https:\/\/gubineczakos.hu\/en\/featured-content\/blunt-harmony-for-toy-piano-with-audience-interventions\/\" class=\"more-link\"><span class=\"readmore\"><span class=\"screen-reader-text\">Etnikumok egy\u00fctt\u00e9l\u00e9se<\/span><\/span><\/a><\/p>","protected":false},"author":2,"featured_media":6091,"comment_status":"open","ping_status":"closed","template":"","featured-content-type":[29],"featured-content-tag":[44,42,43],"class_list":["post-5649","featured-content","type-featured-content","status-publish","has-post-thumbnail","hentry","featured-content-type-music","featured-content-tag-egyutteles","featured-content-tag-etnikumok","featured-content-tag-nepzene"],"uagb_featured_image_src":{"full":["https:\/\/gubineczakos.hu\/wp-content\/uploads\/2018\/07\/C29862D3-7ABE-416B-9BD0-0FDF1314CB3A.jpeg",1280,853,false],"thumbnail":["https:\/\/gubineczakos.hu\/wp-content\/uploads\/2018\/07\/C29862D3-7ABE-416B-9BD0-0FDF1314CB3A-150x150.jpeg",150,150,true],"medium":["https:\/\/gubineczakos.hu\/wp-content\/uploads\/2018\/07\/C29862D3-7ABE-416B-9BD0-0FDF1314CB3A-300x200.jpeg",300,200,true],"medium_large":["https:\/\/gubineczakos.hu\/wp-content\/uploads\/2018\/07\/C29862D3-7ABE-416B-9BD0-0FDF1314CB3A-768x512.jpeg",768,512,true],"large":["https:\/\/gubineczakos.hu\/wp-content\/uploads\/2018\/07\/C29862D3-7ABE-416B-9BD0-0FDF1314CB3A-1024x682.jpeg",920,613,true],"1536x1536":["https:\/\/gubineczakos.hu\/wp-content\/uploads\/2018\/07\/C29862D3-7ABE-416B-9BD0-0FDF1314CB3A.jpeg",1280,853,false],"2048x2048":["https:\/\/gubineczakos.hu\/wp-content\/uploads\/2018\/07\/C29862D3-7ABE-416B-9BD0-0FDF1314CB3A.jpeg",1280,853,false],"trp-custom-language-flag":["https:\/\/gubineczakos.hu\/wp-content\/uploads\/2018\/07\/C29862D3-7ABE-416B-9BD0-0FDF1314CB3A.jpeg",18,12,false],"ect-jetpack-portfolio-featured":["https:\/\/gubineczakos.hu\/wp-content\/uploads\/2018\/07\/C29862D3-7ABE-416B-9BD0-0FDF1314CB3A-640x640.jpeg",640,640,true],"ect-featured-content":["https:\/\/gubineczakos.hu\/wp-content\/uploads\/2018\/07\/C29862D3-7ABE-416B-9BD0-0FDF1314CB3A-640x640.jpeg",640,640,true],"ect-service":["https:\/\/gubineczakos.hu\/wp-content\/uploads\/2018\/07\/C29862D3-7ABE-416B-9BD0-0FDF1314CB3A-640x640.jpeg",640,640,true],"ultp_layout_landscape_large":["https:\/\/gubineczakos.hu\/wp-content\/uploads\/2018\/07\/C29862D3-7ABE-416B-9BD0-0FDF1314CB3A.jpeg",1200,800,false],"ultp_layout_landscape":["https:\/\/gubineczakos.hu\/wp-content\/uploads\/2018\/07\/C29862D3-7ABE-416B-9BD0-0FDF1314CB3A.jpeg",855,570,false],"ultp_layout_portrait":["https:\/\/gubineczakos.hu\/wp-content\/uploads\/2018\/07\/C29862D3-7ABE-416B-9BD0-0FDF1314CB3A.jpeg",600,400,false],"ultp_layout_square":["https:\/\/gubineczakos.hu\/wp-content\/uploads\/2018\/07\/C29862D3-7ABE-416B-9BD0-0FDF1314CB3A.jpeg",600,400,false],"post-thumbnail":["https:\/\/gubineczakos.hu\/wp-content\/uploads\/2018\/07\/C29862D3-7ABE-416B-9BD0-0FDF1314CB3A-640x640.jpeg",640,640,true],"euphony-archive":["https:\/\/gubineczakos.hu\/wp-content\/uploads\/2018\/07\/C29862D3-7ABE-416B-9BD0-0FDF1314CB3A-920x853.jpeg",920,853,true],"euphony-archive-landscape":["https:\/\/gubineczakos.hu\/wp-content\/uploads\/2018\/07\/C29862D3-7ABE-416B-9BD0-0FDF1314CB3A-580x435.jpeg",580,435,true],"euphony-archive-portrait":["https:\/\/gubineczakos.hu\/wp-content\/uploads\/2018\/07\/C29862D3-7ABE-416B-9BD0-0FDF1314CB3A-580x773.jpeg",580,773,true],"euphony-slider":["https:\/\/gubineczakos.hu\/wp-content\/uploads\/2018\/07\/C29862D3-7ABE-416B-9BD0-0FDF1314CB3A.jpeg",1280,853,false],"euphony-testimonial":["https:\/\/gubineczakos.hu\/wp-content\/uploads\/2018\/07\/C29862D3-7ABE-416B-9BD0-0FDF1314CB3A-720x720.jpeg",720,720,true],"euphony-stats":["https:\/\/gubineczakos.hu\/wp-content\/uploads\/2018\/07\/C29862D3-7ABE-416B-9BD0-0FDF1314CB3A-70x70.jpeg",70,70,true],"euphony-team":["https:\/\/gubineczakos.hu\/wp-content\/uploads\/2018\/07\/C29862D3-7ABE-416B-9BD0-0FDF1314CB3A-640x853.jpeg",640,853,true],"euphony-service":["https:\/\/gubineczakos.hu\/wp-content\/uploads\/2018\/07\/C29862D3-7ABE-416B-9BD0-0FDF1314CB3A-80x80.jpeg",80,80,true],"euphony-logo-slider":["https:\/\/gubineczakos.hu\/wp-content\/uploads\/2018\/07\/C29862D3-7ABE-416B-9BD0-0FDF1314CB3A-175x133.jpeg",175,133,true],"bdpp-medium":["https:\/\/gubineczakos.hu\/wp-content\/uploads\/2018\/07\/C29862D3-7ABE-416B-9BD0-0FDF1314CB3A.jpeg",640,427,false],"jetpack-portfolio-admin-thumb":["https:\/\/gubineczakos.hu\/wp-content\/uploads\/2018\/07\/C29862D3-7ABE-416B-9BD0-0FDF1314CB3A-50x50.jpeg",50,50,true],"featured-content-admin-thumb":["https:\/\/gubineczakos.hu\/wp-content\/uploads\/2018\/07\/C29862D3-7ABE-416B-9BD0-0FDF1314CB3A-50x50.jpeg",50,50,true],"service-admin-thumb":["https:\/\/gubineczakos.hu\/wp-content\/uploads\/2018\/07\/C29862D3-7ABE-416B-9BD0-0FDF1314CB3A-50x50.jpeg",50,50,true],"woocommerce_thumbnail":["https:\/\/gubineczakos.hu\/wp-content\/uploads\/2018\/07\/C29862D3-7ABE-416B-9BD0-0FDF1314CB3A-300x300.jpeg",300,300,true],"woocommerce_single":["https:\/\/gubineczakos.hu\/wp-content\/uploads\/2018\/07\/C29862D3-7ABE-416B-9BD0-0FDF1314CB3A-600x400.jpeg",600,400,true],"woocommerce_gallery_thumbnail":["https:\/\/gubineczakos.hu\/wp-content\/uploads\/2018\/07\/C29862D3-7ABE-416B-9BD0-0FDF1314CB3A-100x100.jpeg",100,100,true],"awb_sm":["https:\/\/gubineczakos.hu\/wp-content\/uploads\/2018\/07\/C29862D3-7ABE-416B-9BD0-0FDF1314CB3A.jpeg",500,333,false],"awb_md":["https:\/\/gubineczakos.hu\/wp-content\/uploads\/2018\/07\/C29862D3-7ABE-416B-9BD0-0FDF1314CB3A.jpeg",800,533,false],"awb_lg":["https:\/\/gubineczakos.hu\/wp-content\/uploads\/2018\/07\/C29862D3-7ABE-416B-9BD0-0FDF1314CB3A.jpeg",1280,853,false],"awb_xl":["https:\/\/gubineczakos.hu\/wp-content\/uploads\/2018\/07\/C29862D3-7ABE-416B-9BD0-0FDF1314CB3A.jpeg",1280,853,false]},"uagb_author_info":{"display_name":"Matis \u00c1d\u00e1m","author_link":"https:\/\/gubineczakos.hu\/en\/author\/adamita\/"},"uagb_comment_info":0,"uagb_excerpt":"N\u00e9pzen\u00e9nk, n\u00e9pdalaink ter\u00fclett\u0151l f\u00fcgg\u0151en soksz\u00edn\u0171ek, r\u00e1ad\u00e1sul az \u00e9vsz\u00e1zadok sor\u00e1n folytonos v\u00e1ltoz\u00e1son mentek kereszt\u00fcl. Vajon minek k\u00f6sz\u00f6nhet\u0151 ez a gazdag zenei kult\u00fara? &hellip; Etnikumok egy\u00fctt\u00e9l\u00e9se","jetpack-related-posts":[{"id":5613,"url":"https:\/\/gubineczakos.hu\/en\/featured-content\/elegy-for-endings-2-0-for-violin-with-distortion-pedal\/","url_meta":{"origin":5649,"position":0},"title":"Magyars\u00e1g a diaszp\u00f3r\u00e1kban","author":"Matis \u00c1d\u00e1m","date":"2019. December 19.","format":false,"excerpt":"A hat\u00e1rainkon k\u00edv\u00fcl \u00e9l\u0151 magyarok kult\u00far\u00e1juk \u00e9s anyanyelv\u00fck meg\u0151rz\u00e9s\u00e9vel diaszp\u00f3ra-csoportokat alkotnak. Az elm\u00falt \u00e9vekben t\u00f6bb diaszp\u00f3ra m\u0171k\u00f6d\u00e9s\u00e9t megtapasztalhattam, Eur\u00f3p\u00e1ban \u00e9s a tengeren t\u00fal egyar\u00e1nt. \u00dati besz\u00e1mol\u00f3k, tapasztalatok, \u00e9lm\u00e9nyek.\u00a0","rel":"","context":"Similar post","block_context":{"text":"Similar post","link":""},"img":{"alt_text":"","src":"https:\/\/gubineczakos.hu\/wp-content\/uploads\/2021\/02\/20200219_1522540-640x640-1.jpg","width":350,"height":200,"srcset":"https:\/\/gubineczakos.hu\/wp-content\/uploads\/2021\/02\/20200219_1522540-640x640-1.jpg 1x, https:\/\/gubineczakos.hu\/wp-content\/uploads\/2021\/02\/20200219_1522540-640x640-1.jpg 1.5x"},"classes":[]},{"id":5615,"url":"https:\/\/gubineczakos.hu\/en\/featured-content\/theres-music-in-the-air-whistle-while-you-work\/","url_meta":{"origin":5649,"position":1},"title":"Mus-e \u00f3r\u00e1k Kod\u00e1ly szellem\u00e9ben","author":"Matis \u00c1d\u00e1m","date":"2020. January 19.","format":false,"excerpt":"Az 1993-ben Yehudi Menuhin kezdem\u00e9nyez\u00e9s\u00e9re megalap\u00edtott MUS-E (Music Europe) mintaprogram c\u00e9lja, hogy a m\u0171v\u00e9szet \u00e9s az iskola egym\u00e1st seg\u00edtve hasson a fiatalokra.","rel":"","context":"Similar post","block_context":{"text":"Similar post","link":""},"img":{"alt_text":"","src":"https:\/\/gubineczakos.hu\/wp-content\/uploads\/2018\/07\/IMG_3832-scaled.jpg","width":350,"height":200,"srcset":"https:\/\/gubineczakos.hu\/wp-content\/uploads\/2018\/07\/IMG_3832-scaled.jpg 1x, https:\/\/gubineczakos.hu\/wp-content\/uploads\/2018\/07\/IMG_3832-scaled.jpg 1.5x, https:\/\/gubineczakos.hu\/wp-content\/uploads\/2018\/07\/IMG_3832-scaled.jpg 2x, https:\/\/gubineczakos.hu\/wp-content\/uploads\/2018\/07\/IMG_3832-scaled.jpg 3x, https:\/\/gubineczakos.hu\/wp-content\/uploads\/2018\/07\/IMG_3832-scaled.jpg 4x"},"classes":[]}],"jetpack_sharing_enabled":true,"_links":{"self":[{"href":"https:\/\/gubineczakos.hu\/en\/wp-json\/wp\/v2\/featured-content\/5649","targetHints":{"allow":["GET"]}}],"collection":[{"href":"https:\/\/gubineczakos.hu\/en\/wp-json\/wp\/v2\/featured-content"}],"about":[{"href":"https:\/\/gubineczakos.hu\/en\/wp-json\/wp\/v2\/types\/featured-content"}],"author":[{"embeddable":true,"href":"https:\/\/gubineczakos.hu\/en\/wp-json\/wp\/v2\/users\/2"}],"replies":[{"embeddable":true,"href":"https:\/\/gubineczakos.hu\/en\/wp-json\/wp\/v2\/comments?post=5649"}],"wp:featuredmedia":[{"embeddable":true,"href":"https:\/\/gubineczakos.hu\/en\/wp-json\/wp\/v2\/media\/6091"}],"wp:attachment":[{"href":"https:\/\/gubineczakos.hu\/en\/wp-json\/wp\/v2\/media?parent=5649"}],"wp:term":[{"taxonomy":"featured-content-type","embeddable":true,"href":"https:\/\/gubineczakos.hu\/en\/wp-json\/wp\/v2\/featured-content-type?post=5649"},{"taxonomy":"featured-content-tag","embeddable":true,"href":"https:\/\/gubineczakos.hu\/en\/wp-json\/wp\/v2\/featured-content-tag?post=5649"}],"curies":[{"name":"wp","href":"https:\/\/api.w.org\/{rel}","templated":true}]}}